{"id":83967,"date":"2025-08-06T00:16:15","date_gmt":"2025-08-06T00:16:15","guid":{"rendered":"https:\/\/transfereurope.com\/transfer-z-viedne-do-lyziarskeho-strediska-innsbruck\/"},"modified":"2025-08-06T00:16:15","modified_gmt":"2025-08-06T00:16:15","slug":"transfer-z-viedne-do-lyziarskeho-strediska-innsbruck","status":"publish","type":"page","link":"https:\/\/transfereurope.com\/sk\/lyziarske-transfery\/transfer-do-lyziarskych-stredisk-vo-viedni\/transfer-z-viedne-do-lyziarskeho-strediska-innsbruck\/","title":{"rendered":"Transfer z Viedne do ly\u017eiarskeho strediska Innsbruck"},"content":{"rendered":"\n<div id=\"t4-masthead\" class=\"t4-section  t4-masthead\">\n<div class=\"t4-col text-center\">\n<div class=\"ja-masthead\" >\n<div class=\"ja-masthead-detail\">\n<h1 class=\"ja-masthead-title\">Transfer z Viedne do ly\u017eiarskeho strediska Innsbruck<\/h1>\n<p>                 <!---->            <\/p>\n<div class=\"block-breadcrumb\">                       <\/div>\n<\/p><\/div>\n<\/p><\/div>\n<pre><\/pre>\n<\/div>\n<\/div>\n<div id=\"t4-main-body\" class=\"t4-section  t4-main-body\" role=\"main body\">\n<div class=\"t4-section-inner container\">\n<div class=\"t4-row row\">\n<div class=\"t4-col col-12 col-xl\">\n<div id=\"system-message-container\"> \t<\/div>\n<div class=\"com-content-article item-page view-tour-detail\">\n<div class=\"tour-top-info clearfix\">\n<div class=\"pull-left\">\n<div class=\"category-article-dot\">\n<div class=\"category-name\"> \t\t\t\t\t<a href=\"\/sk\/lyziarske-transfery\/transfer-do-lyziarskych-stredisk-vo-viedni\" itemprop=\"genre\">Transfery do ly\u017eiarskych stred\u00edsk vo Viedni<\/a> \t\t\t\t<\/div>\n<\/p><\/div>\n<\/p><\/div>\n<div class=\"pull-right\">\n<div class=\"text-danger tour-price\"> \t\t\t\t\t\t<a href=\"\/sk\/rezervovat-transfer\">Rezervova\u0165<\/a><\/div>\n<\/p><\/div>\n<\/p><\/div>\n<p>  \t <!--\t-->  \t<\/p>\n<div class=\"vm-product-container\">\n<figure class=\"pull-left item-image\">\n<div class=\"main-image\"> \t\t<a  rel='vm-additional-images' href=\"\/images\/virtuemart\/product\/vienna-to-innsbruck-ski-resort-transfer.png\"><img decoding=\"async\"  loading=\"lazy\"  src=\"\/wp-content\/uploads\/2025\/08\/vienna-to-innsbruck-ski-resort-transfer-2.png\"  \/><\/a>\t\t<\/p>\n<div class=\"clear\"><\/div>\n<\/p><\/div>\n<\/figure>\n<div class=\"vm-product-details-container\">\n<div class=\"spacer-buy-area\">    \t\t \t\t<\/div>\n<\/p><\/div>\n<div class=\"clear\"><\/div>\n<\/p><\/div>\n<div class=\"product-description\" >\n<p>Vitajte v br\u00e1ne alpsk\u00e9ho dobrodru\u017estva! Ly\u017eiarske stredisko Innsbruck, ktor\u00e9 sa nach\u00e1dza v srdci rak\u00faskych \u00c1lp, l\u00e1ka svojimi majest\u00e1tnymi vrcholmi a nedotknut\u00fdmi zjazdovkami a milovn\u00edkom ly\u017eovania pon\u00faka jedine\u010dn\u00fa krajinu zimn\u00fdch z\u00e1zrakov. Ke\u010f pl\u00e1nujete svoj \u00fatek do tohto zasne\u017een\u00e9ho raja, zabezpe\u010dte si pohodln\u00fa cestu bez stresu s Transfer Europe &#8211; va\u0161\u00edm spo\u013eahliv\u00fdm partnerom pre transfery z Viedne do ly\u017eiarskeho strediska Innsbruck.<\/p>\n<p style=\"text-align: center;\"><a class=\"btn btn-primary\" href=\"\/sk\/rezervovat-transfer\">Rezervova\u0165 transfer<\/a><\/p>\n<p style=\"text-align: center;\"><img decoding=\"async\" title=\"transfer-z-viedne-do-lyziarskeho-strediska-innsbruck\" src=\"\/wp-content\/uploads\/2025\/08\/transfer-z-viedne-do-lyziarskeho-strediska-innsbruck.png\" alt=\"transfer-z-viedne-do-lyziarskeho-strediska-innsbruck\" \/><\/p>\n<p><strong>Pre\u010do si vybra\u0165 Transfer Europe?<\/strong>\u00a0V spolo\u010dnosti Transfer Europe sme hrd\u00ed na to, \u017ee poskytujeme \u0161pi\u010dkov\u00e9 prepravn\u00e9 slu\u017eby prisp\u00f4soben\u00e9 va\u0161im ly\u017eiarskym v\u00fdprav\u00e1m. N\u00e1\u0161 z\u00e1v\u00e4zok k dokonalosti zaru\u010duje bezprobl\u00e9mov\u00e9 cestovanie, ktor\u00e9 v\u00e1m umo\u017en\u00ed s\u00fastredi\u0165 sa na vzru\u0161uj\u00face z\u00e1\u017eitky na svahoch. Tu je d\u00f4vod, pre\u010do sme v\u00fdnimo\u010dn\u00ed:<\/p>\n<ol>\n<li>\n<p><strong>R\u00f4znorod\u00e1 flotila:<\/strong>\u00a0Vyberte si z na\u0161ej rozmanitej flotily vozidiel vybaven\u00fdch priestrann\u00fdmi bato\u017einov\u00fdmi priestormi. \u010ci u\u017e cestujete sami alebo so skupinou, m\u00e1me pre v\u00e1s ide\u00e1lnu jazdu.<\/p>\n<\/li>\n<li>\n<p><strong>Profesion\u00e1lni vodi\u010di:<\/strong>\u00a0Na\u0161i sk\u00fasen\u00ed a profesion\u00e1lni vodi\u010di nie s\u00fa len \u0161of\u00e9rmi, ale aj va\u0161imi miestnymi sprievodcami, ktor\u00ed v\u00e1m zabezpe\u010dia bezpe\u010dn\u00fa a pr\u00edjemn\u00fa cestu malebnou krajinou.<\/p>\n<\/li>\n<li>\n<p><strong>Transfery z letiska:<\/strong>\u00a0Za\u010dnite svoje dobrodru\u017estvo hne\u010f po prist\u00e1t\u00ed na viedenskom letisku. N\u00e1\u0161 bezprobl\u00e9mov\u00fd letiskov\u00fd transfer v\u00e1m zabezpe\u010d\u00ed bezprobl\u00e9mov\u00fd prechod z letiska do ly\u017eiarskeho strediska Innsbruck.<\/p>\n<\/li>\n<\/ol>\n<p><strong>Mo\u017enosti dopravy:<\/strong>\u00a0Vyberte si vozidlo, ktor\u00e9 vyhovuje va\u0161im potreb\u00e1m:<\/p>\n<ol>\n<li><strong>S\u00fakromn\u00e9 vozidl\u00e1:<\/strong>\u00a0Vychutnajte si luxus s\u00fakromn\u00e9ho transferu s na\u0161imi pohodln\u00fdmi autami.<\/li>\n<li><strong>Minivany:<\/strong>\u00a0Ide\u00e1lne pre rodiny a skupiny, na\u0161e minivany poskytuj\u00fa dostatok priestoru pre cestuj\u00facich aj vybavenie.<\/li>\n<li><strong>Ly\u017eiarska kyvadlov\u00e1 doprava:<\/strong>\u00a0Na\u0161a kyvadlov\u00e1 doprava, ktor\u00e1 je \u0161peci\u00e1lne navrhnut\u00e1 pre ly\u017eiarskych nad\u0161encov, v\u00e1s \u013eahko doprav\u00ed do strediska.<\/li>\n<\/ol>\n<p style=\"text-align: center;\"><a class=\"btn btn-primary\" href=\"\/sk\/rezervovat-transfer\">Rezervova\u0165 transfer<\/a><\/p>\n<p style=\"text-align: center;\"><img decoding=\"async\" title=\"transfery-do-lyziarskeho-strediska\" src=\"\/wp-content\/uploads\/2025\/08\/transfery-do-lyziarskeho-strediska.jpg\" alt=\"transfery-do-lyziarskeho-strediska\" \/><\/p>\n<h2 style=\"text-align: center;\"><span style=\"font-size: 18pt;\"><strong>Rezervujte si transfer z Viedne do ly\u017eiarskeho strediska Innsbruck teraz!<\/strong><\/span><\/h2>\n<div class=\"react-scroll-to-bottom--css-gqacg-1n7m0yu\">\n<div class=\"flex flex-col text-sm gizmo:pb-9 dark:bg-gray-800 gizmo:dark:bg-transparent\">\n<div class=\"w-full text-token-text-primary border-b border-black\/10 gizmo:border-0 dark:border-gray-900\/50 gizmo:dark:border-0 bg-gray-50 gizmo:bg-transparent dark:bg-[#444654] gizmo:dark:bg-transparent sm:AIPRM__conversation__response\" data-testid=\"conversation-turn-5\">\n<div class=\"p-4 gizmo:py-2 justify-center text-base md:gap-6 md:py-6 m-auto\">\n<div class=\"flex flex-1 gap-4 text-base mx-auto md:gap-6 gizmo:gap-3 gizmo:md:px-5 gizmo:lg:px-1 gizmo:xl:px-5 md:max-w-2xl lg:max-w-[38rem] gizmo:md:max-w-3xl gizmo:lg:max-w-[40rem] gizmo:xl:max-w-[48rem] xl:max-w-3xl } group final-completion\">\n<div class=\"relative flex w-[calc(100%-50px)] flex-col gizmo:w-full lg:w-[calc(100%-115px)] agent-turn\">\n<div class=\"flex-col gap-1 md:gap-3\">\n<div class=\"flex flex-grow flex-col max-w-full gap-3 gizmo:gap-0\">\n<div class=\"min-h-[20px] text-message flex flex-col items-start gap-3 whitespace-pre-wrap break-words [.text-message+&amp;]:mt-5 overflow-x-auto\" data-message-author-role=\"assistant\" data-message-id=\"01081911-c7a3-4042-a183-807b48828ad8\">\n<div class=\"markdown prose w-full break-words dark:prose-invert light AIPRM__conversation__response\">\n<p>Zabezpe\u010dte si, aby va\u0161e vysokohorsk\u00e9 z\u00e1\u017eitky neboli obmedzen\u00e9 dopravn\u00fdmi probl\u00e9mami. Rezervujte si transfer z Viedne do ly\u017eiarskeho strediska Innsbruck s Transfer Europe a vydajte sa na cestu pln\u00fa vzru\u0161enia a \u00fachvatn\u00fdch scen\u00e9ri\u00ed. Na\u0161a pou\u017e\u00edvate\u013esky pr\u00edvetiv\u00e1 rezerva\u010dn\u00e1 platforma v\u00e1m u\u013eah\u010d\u00ed zabezpe\u010denie jazdy &#8211; rezervujte si ju e\u0161te dnes a pozdvihnite svoj zimn\u00fd v\u00fdlet.<\/p>\n<p><img decoding=\"async\" title=\"transfery-z-viedne-do-lyziarskeho-strediska\" src=\"\/wp-content\/uploads\/2025\/08\/transfery-z-viedne-do-lyziarskeho-strediska-2.png\" alt=\"transfery-z-viedne-do-lyziarskeho-strediska\" \/><\/p>\n<\/p><\/div>\n<\/p><\/div>\n<\/p><\/div>\n<\/p><\/div>\n<\/p><\/div>\n<\/p><\/div>\n<\/p><\/div>\n<\/p><\/div>\n<\/p><\/div>\n<\/p><\/div>\n<h2 style=\"text-align: center;\"><span style=\"font-size: 18pt;\"><strong>FAQs &#8211;\u00a0Transfer z Viedne do ly\u017eiarskeho strediska Innsbruck<\/strong><\/span><\/h2>\n<h3><span style=\"font-size: 14pt;\"><strong>Je slu\u017eba prepravy vhodn\u00e1 pre rodiny s de\u0165mi?<\/strong><\/span><\/h3>\n<p>\u00c1no, na\u0161e vozidl\u00e1 vhodn\u00e9 pre rodiny a profesion\u00e1lni vodi\u010di sa staraj\u00fa o potreby rod\u00edn a zabezpe\u010duj\u00fa bezpe\u010dn\u00fa a pr\u00edjemn\u00fa cestu.<\/p>\n<h3><span style=\"font-size: 14pt;\"><strong>Ko\u013eko bato\u017einy si m\u00f4\u017eem vzia\u0165 so sebou?<\/strong><\/span><\/h3>\n<p>Na\u0161e vozidl\u00e1 s\u00fa vybaven\u00e9 priestrann\u00fdmi bato\u017einov\u00fdmi priestormi na ulo\u017eenie ly\u017eiarskej v\u00fdstroje a osobn\u00fdch vec\u00ed.<\/p>\n<h3><span style=\"font-size: 14pt;\"><strong>Poskytujete detsk\u00e9 seda\u010dky?<\/strong><\/span><\/h3>\n<p>\u00c1no, na po\u017eiadanie pon\u00fakame detsk\u00e9 seda\u010dky, aby sme zaistili bezpe\u010dnos\u0165 na\u0161ich najmen\u0161\u00edch cestuj\u00facich.<\/p>\n<h3><span style=\"font-size: 14pt;\"><strong>M\u00f4\u017eem si rezervova\u0165 jednosmern\u00fd transfer?<\/strong><\/span><\/h3>\n<p>Rozhodne! Na\u0161e flexibiln\u00e9 mo\u017enosti rezerv\u00e1cie v\u00e1m umo\u017e\u0148uj\u00fa vybra\u0165 si jednosmern\u00fd alebo spiato\u010dn\u00fd transfer pod\u013ea va\u0161ich cestovn\u00fdch pl\u00e1nov.<\/p>\n<h3><span style=\"font-size: 14pt;\"><strong>S\u00fa vozidl\u00e1 vybaven\u00e9 na zimn\u00e9 podmienky?<\/strong><\/span><\/h3>\n<p>\u00c1no, v\u0161etky na\u0161e vozidl\u00e1 s\u00fa vybaven\u00e9 na jazdu v zimn\u00fdch podmienkach a zabezpe\u010duj\u00fa plynul\u00fa a bezpe\u010dn\u00fa jazdu aj v zasne\u017eenej krajine.<\/p>\n<p style=\"text-align: center;\"><a class=\"btn btn-primary\" href=\"\/sk\/rezervovat-transfer\">Rezervova\u0165 transfer<\/a><\/p>\n<p>Objavte vzru\u0161uj\u00face z\u00e1\u017eitky na svahoch s Transfer Europe &#8211; va\u0161ou br\u00e1nou k nezabudnute\u013en\u00e9mu ly\u017eiarskemu dobrodru\u017estvu! Zarezervujte si transfer teraz a nechajte sa un\u00e1\u0161a\u0165 alpsk\u00fdmi horami.<\/p>\n<\/p><\/div>\n<div class=\"product-price-container\">\n<div class=\"sale-price\"> \t\t<\/div>\n<\/p><\/div>\n<div class=\"options\"><\/div>\n<div> \t\t<\/div>\n<p>   \t        <script type=\"text\/javascript\" ><\/script>  <script type=\"text\/javascript\" ><\/script> <script type=\"text\/javascript\" ><\/script>  <script type=\"text\/javascript\" ><\/script> <script type=\"text\/javascript\" ><\/script> <script type=\"text\/javascript\" ><\/script> <script type=\"text\/javascript\" ><\/script> <\/div>\n<p> \t\t<!-- \u041f\u043b\u0430\u0433\u0438\u043d \u0440\u0435\u0439\u0442\u0438\u043d\u0433\u0430 --> <\/p>\n<div class=\"vrvote-body\">\n<ul class=\"vrvote-ul\">\n<li id=\"rating_154\" class=\"current-rating\" style=\"width:100.00%;\"><\/li>\n<li> \t\t\t\t\t\t<a class=\"vr-one-star\" onclick=\"javascript:JSVRvote(154,1,65,13,0)\" href=\"javascript:void(null)\">1<\/a> \t\t\t\t\t<\/li>\n<li> \t\t\t\t\t\t<a class=\"vr-two-stars\" onclick=\"javascript:JSVRvote(154,2,65,13,0)\" href=\"javascript:void(null)\">2<\/a> \t\t\t\t\t<\/li>\n<li> \t\t\t\t\t\t<a class=\"vr-three-stars\" onclick=\"javascript:JSVRvote(154,3,65,13,0)\" href=\"javascript:void(null)\">3<\/a> \t\t\t\t\t<\/li>\n<li> \t\t\t\t\t\t<a class=\"vr-four-stars\" onclick=\"javascript:JSVRvote(154,4,65,13,0)\" href=\"javascript:void(null)\">4<\/a> \t\t\t\t\t<\/li>\n<li> \t\t\t\t\t\t<a class=\"vr-five-stars\" onclick=\"javascript:JSVRvote(154,5,65,13,0)\" href=\"javascript:void(null)\">5<\/a> \t\t\t\t\t<\/li>\n<\/ul><\/div>\n<p> \t\t\t<span id=\"vrvote_154\" class=\"vrvote-count\"><small><\/small><\/span>\t<\/span><script type=\"application\/ld+json\"><\/script>   <\/div>\n<div class=\"t4-col sidebar-r col-12 col-xl-4\">\n<div class=\"t4-module module\" id=\"Mod306\">\n<div class=\"module-inner\">\n<div class=\"module-ct\">\n<div class=\"bannergroup\">\n<div class=\"banneritem\"> \t\t\t\t\t\t\t\t\t\t\t\t\t\t\t\t\t\t\t\t\t\t\t\t\t\t\t\t\t\t\t\t\t\t\t\t\t\t\t\t\t\t\t\t\t\t\t\t\t\t<img \t\t\t\t\t\tsrc=\"\/wp-content\/uploads\/2025\/08\/banner-transfer-europe-sk-473.png\" \t\t\t\t\t\talt=\"Banner-sk\" \t\t\t\t\t\t\t\t\t\t\t\t\t\t\t\t\t\/> \t\t\t\t\t\t\t\t\t\t\t<\/p>\n<div class=\"clr\"><\/div>\n<\/p><\/div>\n<\/p><\/div>\n<\/p><\/div>\n<\/div>\n<\/div><\/div>\n<\/p><\/div>\n<\/div><\/div>\n<div id=\"t4-section-8\" class=\"t4-section  t4-section-8  section-border-top\" role=\"section-8\">\n<div class=\"bg-overlay bg-overlay-image\">&nbsp;<\/div>\n<\/p><\/div>\n<p>  <a href='javascript:' id='back-to-top'><i class='fa fa-chevron-up'><\/i><\/a>                <\/p>\n","protected":false},"excerpt":{"rendered":"<p>Transfer z Viedne do ly\u017eiarskeho strediska Innsbruck Transfery do ly\u017eiarskych stred\u00edsk vo Viedni Rezervova\u0165 Vitajte v br\u00e1ne alpsk\u00e9ho dobrodru\u017estva! Ly\u017eiarske stredisko Innsbruck, ktor\u00e9 sa nach\u00e1dza v srdci rak\u00faskych \u00c1lp, l\u00e1ka svojimi majest\u00e1tnymi vrcholmi a nedotknut\u00fdmi zjazdovkami a milovn\u00edkom ly\u017eovania pon\u00faka jedine\u010dn\u00fa krajinu zimn\u00fdch z\u00e1zrakov. Ke\u010f pl\u00e1nujete svoj \u00fatek do tohto zasne\u017een\u00e9ho raja, zabezpe\u010dte si pohodln\u00fa [&hellip;]<\/p>\n","protected":false},"author":1,"featured_media":83968,"parent":20466,"menu_order":0,"comment_status":"closed","ping_status":"closed","template":"","meta":{"footnotes":""},"class_list":["post-83967","page","type-page","status-publish","has-post-thumbnail","hentry"],"yoast_head":"<!-- This site is optimized with the Yoast SEO plugin v25.6 - https:\/\/yoast.com\/wordpress\/plugins\/seo\/ -->\n<title>Transfer z Viedne do ly\u017eiarskeho strediska Innsbruck<\/title>\n<meta name=\"description\" content=\"Za\u017eite ly\u017eiarsky transfer z Viedne do Innsbrucku. Rezervujte si e\u0161te dnes a u\u017eite si cestovanie bez stresu s malebn\u00fdm v\u00fdh\u013eadom. Zavolajte n\u00e1m \u260e +421 940 904 184 pre individu\u00e1lnu pomoc.\" \/>\n<meta name=\"robots\" content=\"index, follow, max-snippet:-1, max-image-preview:large, max-video-preview:-1\" \/>\n<link rel=\"canonical\" href=\"https:\/\/transfereurope.com\/sk\/lyziarske-transfery\/transfer-do-lyziarskych-stredisk-vo-viedni\/transfer-z-viedne-do-lyziarskeho-strediska-innsbruck\/\" \/>\n<meta property=\"og:locale\" content=\"sk_SK\" \/>\n<meta property=\"og:type\" content=\"article\" \/>\n<meta property=\"og:title\" content=\"Transfer z Viedne do ly\u017eiarskeho strediska Innsbruck\" \/>\n<meta property=\"og:description\" content=\"Za\u017eite ly\u017eiarsky transfer z Viedne do Innsbrucku. Rezervujte si e\u0161te dnes a u\u017eite si cestovanie bez stresu s malebn\u00fdm v\u00fdh\u013eadom. Zavolajte n\u00e1m \u260e +421 940 904 184 pre individu\u00e1lnu pomoc.\" \/>\n<meta property=\"og:url\" content=\"https:\/\/transfereurope.com\/sk\/lyziarske-transfery\/transfer-do-lyziarskych-stredisk-vo-viedni\/transfer-z-viedne-do-lyziarskeho-strediska-innsbruck\/\" \/>\n<meta property=\"og:site_name\" content=\"transfereurope\" \/>\n<meta property=\"og:image\" content=\"https:\/\/transfereurope.com\/wp-content\/uploads\/2025\/08\/vienna-to-innsbruck-ski-resort-transfer-2-1.png\" \/>\n\t<meta property=\"og:image:width\" content=\"940\" \/>\n\t<meta property=\"og:image:height\" content=\"788\" \/>\n\t<meta property=\"og:image:type\" content=\"image\/png\" \/>\n<meta name=\"twitter:card\" content=\"summary_large_image\" \/>\n<meta name=\"twitter:label1\" content=\"Predpokladan\u00fd \u010das \u010d\u00edtania\" \/>\n\t<meta name=\"twitter:data1\" content=\"3 min\u00faty\" \/>\n<script type=\"application\/ld+json\" class=\"yoast-schema-graph\">{\"@context\":\"https:\/\/schema.org\",\"@graph\":[{\"@type\":\"WebPage\",\"@id\":\"https:\/\/transfereurope.com\/sk\/lyziarske-transfery\/transfer-do-lyziarskych-stredisk-vo-viedni\/transfer-z-viedne-do-lyziarskeho-strediska-innsbruck\/\",\"url\":\"https:\/\/transfereurope.com\/sk\/lyziarske-transfery\/transfer-do-lyziarskych-stredisk-vo-viedni\/transfer-z-viedne-do-lyziarskeho-strediska-innsbruck\/\",\"name\":\"Transfer z Viedne do ly\u017eiarskeho strediska Innsbruck\",\"isPartOf\":{\"@id\":\"https:\/\/transfereurope.com\/sk\/#website\"},\"primaryImageOfPage\":{\"@id\":\"https:\/\/transfereurope.com\/sk\/lyziarske-transfery\/transfer-do-lyziarskych-stredisk-vo-viedni\/transfer-z-viedne-do-lyziarskeho-strediska-innsbruck\/#primaryimage\"},\"image\":{\"@id\":\"https:\/\/transfereurope.com\/sk\/lyziarske-transfery\/transfer-do-lyziarskych-stredisk-vo-viedni\/transfer-z-viedne-do-lyziarskeho-strediska-innsbruck\/#primaryimage\"},\"thumbnailUrl\":\"https:\/\/transfereurope.com\/wp-content\/uploads\/2025\/08\/vienna-to-innsbruck-ski-resort-transfer-2-1.png\",\"datePublished\":\"2025-08-06T00:16:15+00:00\",\"description\":\"Za\u017eite ly\u017eiarsky transfer z Viedne do Innsbrucku. Rezervujte si e\u0161te dnes a u\u017eite si cestovanie bez stresu s malebn\u00fdm v\u00fdh\u013eadom. Zavolajte n\u00e1m \u260e +421 940 904 184 pre individu\u00e1lnu pomoc.\",\"breadcrumb\":{\"@id\":\"https:\/\/transfereurope.com\/sk\/lyziarske-transfery\/transfer-do-lyziarskych-stredisk-vo-viedni\/transfer-z-viedne-do-lyziarskeho-strediska-innsbruck\/#breadcrumb\"},\"inLanguage\":\"sk-SK\",\"potentialAction\":[{\"@type\":\"ReadAction\",\"target\":[\"https:\/\/transfereurope.com\/sk\/lyziarske-transfery\/transfer-do-lyziarskych-stredisk-vo-viedni\/transfer-z-viedne-do-lyziarskeho-strediska-innsbruck\/\"]}]},{\"@type\":\"ImageObject\",\"inLanguage\":\"sk-SK\",\"@id\":\"https:\/\/transfereurope.com\/sk\/lyziarske-transfery\/transfer-do-lyziarskych-stredisk-vo-viedni\/transfer-z-viedne-do-lyziarskeho-strediska-innsbruck\/#primaryimage\",\"url\":\"https:\/\/transfereurope.com\/wp-content\/uploads\/2025\/08\/vienna-to-innsbruck-ski-resort-transfer-2-1.png\",\"contentUrl\":\"https:\/\/transfereurope.com\/wp-content\/uploads\/2025\/08\/vienna-to-innsbruck-ski-resort-transfer-2-1.png\",\"width\":940,\"height\":788},{\"@type\":\"BreadcrumbList\",\"@id\":\"https:\/\/transfereurope.com\/sk\/lyziarske-transfery\/transfer-do-lyziarskych-stredisk-vo-viedni\/transfer-z-viedne-do-lyziarskeho-strediska-innsbruck\/#breadcrumb\",\"itemListElement\":[{\"@type\":\"ListItem\",\"position\":1,\"name\":\"Home\",\"item\":\"https:\/\/transfereurope.com\/sk\/\"},{\"@type\":\"ListItem\",\"position\":2,\"name\":\"Transfer z Viedne do ly\u017eiarskeho strediska Innsbruck\"}]},{\"@type\":\"WebSite\",\"@id\":\"https:\/\/transfereurope.com\/sk\/#website\",\"url\":\"https:\/\/transfereurope.com\/sk\/\",\"name\":\"transfereurope\",\"description\":\"\",\"publisher\":{\"@id\":\"https:\/\/transfereurope.com\/sk\/#organization\"},\"potentialAction\":[{\"@type\":\"SearchAction\",\"target\":{\"@type\":\"EntryPoint\",\"urlTemplate\":\"https:\/\/transfereurope.com\/sk\/?s={search_term_string}\"},\"query-input\":{\"@type\":\"PropertyValueSpecification\",\"valueRequired\":true,\"valueName\":\"search_term_string\"}}],\"inLanguage\":\"sk-SK\"},{\"@type\":\"Organization\",\"@id\":\"https:\/\/transfereurope.com\/sk\/#organization\",\"name\":\"transfereurope\",\"url\":\"https:\/\/transfereurope.com\/sk\/\",\"logo\":{\"@type\":\"ImageObject\",\"inLanguage\":\"sk-SK\",\"@id\":\"https:\/\/transfereurope.com\/sk\/#\/schema\/logo\/image\/\",\"url\":\"https:\/\/transfereurope.com\/wp-content\/uploads\/2025\/08\/TRANSFERS-1655.png\",\"contentUrl\":\"https:\/\/transfereurope.com\/wp-content\/uploads\/2025\/08\/TRANSFERS-1655.png\",\"width\":500,\"height\":274,\"caption\":\"transfereurope\"},\"image\":{\"@id\":\"https:\/\/transfereurope.com\/sk\/#\/schema\/logo\/image\/\"}}]}<\/script>\n<!-- \/ Yoast SEO plugin. -->","yoast_head_json":{"title":"Transfer z Viedne do ly\u017eiarskeho strediska Innsbruck","description":"Za\u017eite ly\u017eiarsky transfer z Viedne do Innsbrucku. Rezervujte si e\u0161te dnes a u\u017eite si cestovanie bez stresu s malebn\u00fdm v\u00fdh\u013eadom. Zavolajte n\u00e1m \u260e +421 940 904 184 pre individu\u00e1lnu pomoc.","robots":{"index":"index","follow":"follow","max-snippet":"max-snippet:-1","max-image-preview":"max-image-preview:large","max-video-preview":"max-video-preview:-1"},"canonical":"https:\/\/transfereurope.com\/sk\/lyziarske-transfery\/transfer-do-lyziarskych-stredisk-vo-viedni\/transfer-z-viedne-do-lyziarskeho-strediska-innsbruck\/","og_locale":"sk_SK","og_type":"article","og_title":"Transfer z Viedne do ly\u017eiarskeho strediska Innsbruck","og_description":"Za\u017eite ly\u017eiarsky transfer z Viedne do Innsbrucku. Rezervujte si e\u0161te dnes a u\u017eite si cestovanie bez stresu s malebn\u00fdm v\u00fdh\u013eadom. Zavolajte n\u00e1m \u260e +421 940 904 184 pre individu\u00e1lnu pomoc.","og_url":"https:\/\/transfereurope.com\/sk\/lyziarske-transfery\/transfer-do-lyziarskych-stredisk-vo-viedni\/transfer-z-viedne-do-lyziarskeho-strediska-innsbruck\/","og_site_name":"transfereurope","og_image":[{"width":940,"height":788,"url":"https:\/\/transfereurope.com\/wp-content\/uploads\/2025\/08\/vienna-to-innsbruck-ski-resort-transfer-2-1.png","type":"image\/png"}],"twitter_card":"summary_large_image","twitter_misc":{"Predpokladan\u00fd \u010das \u010d\u00edtania":"3 min\u00faty"},"schema":{"@context":"https:\/\/schema.org","@graph":[{"@type":"WebPage","@id":"https:\/\/transfereurope.com\/sk\/lyziarske-transfery\/transfer-do-lyziarskych-stredisk-vo-viedni\/transfer-z-viedne-do-lyziarskeho-strediska-innsbruck\/","url":"https:\/\/transfereurope.com\/sk\/lyziarske-transfery\/transfer-do-lyziarskych-stredisk-vo-viedni\/transfer-z-viedne-do-lyziarskeho-strediska-innsbruck\/","name":"Transfer z Viedne do ly\u017eiarskeho strediska Innsbruck","isPartOf":{"@id":"https:\/\/transfereurope.com\/sk\/#website"},"primaryImageOfPage":{"@id":"https:\/\/transfereurope.com\/sk\/lyziarske-transfery\/transfer-do-lyziarskych-stredisk-vo-viedni\/transfer-z-viedne-do-lyziarskeho-strediska-innsbruck\/#primaryimage"},"image":{"@id":"https:\/\/transfereurope.com\/sk\/lyziarske-transfery\/transfer-do-lyziarskych-stredisk-vo-viedni\/transfer-z-viedne-do-lyziarskeho-strediska-innsbruck\/#primaryimage"},"thumbnailUrl":"https:\/\/transfereurope.com\/wp-content\/uploads\/2025\/08\/vienna-to-innsbruck-ski-resort-transfer-2-1.png","datePublished":"2025-08-06T00:16:15+00:00","description":"Za\u017eite ly\u017eiarsky transfer z Viedne do Innsbrucku. Rezervujte si e\u0161te dnes a u\u017eite si cestovanie bez stresu s malebn\u00fdm v\u00fdh\u013eadom. Zavolajte n\u00e1m \u260e +421 940 904 184 pre individu\u00e1lnu pomoc.","breadcrumb":{"@id":"https:\/\/transfereurope.com\/sk\/lyziarske-transfery\/transfer-do-lyziarskych-stredisk-vo-viedni\/transfer-z-viedne-do-lyziarskeho-strediska-innsbruck\/#breadcrumb"},"inLanguage":"sk-SK","potentialAction":[{"@type":"ReadAction","target":["https:\/\/transfereurope.com\/sk\/lyziarske-transfery\/transfer-do-lyziarskych-stredisk-vo-viedni\/transfer-z-viedne-do-lyziarskeho-strediska-innsbruck\/"]}]},{"@type":"ImageObject","inLanguage":"sk-SK","@id":"https:\/\/transfereurope.com\/sk\/lyziarske-transfery\/transfer-do-lyziarskych-stredisk-vo-viedni\/transfer-z-viedne-do-lyziarskeho-strediska-innsbruck\/#primaryimage","url":"https:\/\/transfereurope.com\/wp-content\/uploads\/2025\/08\/vienna-to-innsbruck-ski-resort-transfer-2-1.png","contentUrl":"https:\/\/transfereurope.com\/wp-content\/uploads\/2025\/08\/vienna-to-innsbruck-ski-resort-transfer-2-1.png","width":940,"height":788},{"@type":"BreadcrumbList","@id":"https:\/\/transfereurope.com\/sk\/lyziarske-transfery\/transfer-do-lyziarskych-stredisk-vo-viedni\/transfer-z-viedne-do-lyziarskeho-strediska-innsbruck\/#breadcrumb","itemListElement":[{"@type":"ListItem","position":1,"name":"Home","item":"https:\/\/transfereurope.com\/sk\/"},{"@type":"ListItem","position":2,"name":"Transfer z Viedne do ly\u017eiarskeho strediska Innsbruck"}]},{"@type":"WebSite","@id":"https:\/\/transfereurope.com\/sk\/#website","url":"https:\/\/transfereurope.com\/sk\/","name":"transfereurope","description":"","publisher":{"@id":"https:\/\/transfereurope.com\/sk\/#organization"},"potentialAction":[{"@type":"SearchAction","target":{"@type":"EntryPoint","urlTemplate":"https:\/\/transfereurope.com\/sk\/?s={search_term_string}"},"query-input":{"@type":"PropertyValueSpecification","valueRequired":true,"valueName":"search_term_string"}}],"inLanguage":"sk-SK"},{"@type":"Organization","@id":"https:\/\/transfereurope.com\/sk\/#organization","name":"transfereurope","url":"https:\/\/transfereurope.com\/sk\/","logo":{"@type":"ImageObject","inLanguage":"sk-SK","@id":"https:\/\/transfereurope.com\/sk\/#\/schema\/logo\/image\/","url":"https:\/\/transfereurope.com\/wp-content\/uploads\/2025\/08\/TRANSFERS-1655.png","contentUrl":"https:\/\/transfereurope.com\/wp-content\/uploads\/2025\/08\/TRANSFERS-1655.png","width":500,"height":274,"caption":"transfereurope"},"image":{"@id":"https:\/\/transfereurope.com\/sk\/#\/schema\/logo\/image\/"}}]}},"_links":{"self":[{"href":"https:\/\/transfereurope.com\/sk\/wp-json\/wp\/v2\/pages\/83967","targetHints":{"allow":["GET"]}}],"collection":[{"href":"https:\/\/transfereurope.com\/sk\/wp-json\/wp\/v2\/pages"}],"about":[{"href":"https:\/\/transfereurope.com\/sk\/wp-json\/wp\/v2\/types\/page"}],"author":[{"embeddable":true,"href":"https:\/\/transfereurope.com\/sk\/wp-json\/wp\/v2\/users\/1"}],"replies":[{"embeddable":true,"href":"https:\/\/transfereurope.com\/sk\/wp-json\/wp\/v2\/comments?post=83967"}],"version-history":[{"count":0,"href":"https:\/\/transfereurope.com\/sk\/wp-json\/wp\/v2\/pages\/83967\/revisions"}],"up":[{"embeddable":true,"href":"https:\/\/transfereurope.com\/sk\/wp-json\/wp\/v2\/pages\/20466"}],"wp:featuredmedia":[{"embeddable":true,"href":"https:\/\/transfereurope.com\/sk\/wp-json\/wp\/v2\/media\/83968"}],"wp:attachment":[{"href":"https:\/\/transfereurope.com\/sk\/wp-json\/wp\/v2\/media?parent=83967"}],"curies":[{"name":"wp","href":"https:\/\/api.w.org\/{rel}","templated":true}]}}