{"id":30664,"date":"2025-08-04T22:33:16","date_gmt":"2025-08-04T22:33:16","guid":{"rendered":"https:\/\/transfereurope.com\/transfer-vieden-praha\/"},"modified":"2025-08-04T22:33:16","modified_gmt":"2025-08-04T22:33:16","slug":"transfer-vieden-praha","status":"publish","type":"page","link":"https:\/\/transfereurope.com\/sk\/destinacie\/vieden\/transfer-vieden-praha\/","title":{"rendered":"Transfer z Viedne do Prahy"},"content":{"rendered":"\n<div id=\"t4-masthead\" class=\"t4-section  t4-masthead\">\n<div class=\"t4-col text-center\">\n<div class=\"ja-masthead\" >\n<div class=\"ja-masthead-detail\">\n<h1 class=\"ja-masthead-title\">Transfer z Viedne do Prahy<\/h1>\n<p>                 <!---->            <\/p>\n<div class=\"block-breadcrumb\">\n<div class=\"moduletable\">\n<div aria-label=\"Breadcrumbs\" role=\"navigation\">\n<ul  class=\"breadcrumb\">\n<li class=\"active\"> \t\t\t\t<span class=\"fas fa-map-marker-alt home-map\"><\/span> \t\t\t<\/li>\n<li itemprop='itemListElement' > \t\t\t\t\t\t\t\t\t\t\t<a  href=\"\/sk\/\" class=\"pathway\"><span itemprop=\"name\">Hlavn\u00e1 str\u00e1nka<\/span><\/a> \t\t\t\t\t \t\t\t\t\t\t\t\t\t\t\t<span class=\"divider\"> \t\t\t\t\t\t\t<i class=\"fa fa-angle-double-right\" aria-hidden=\"true\"><\/i> \t\t\t\t\t\t<\/span> \t\t\t\t\t\t\t\t\t\t<meta  content=\"1\"> \t\t\t\t<\/li>\n<li itemprop='itemListElement' > \t\t\t\t\t\t\t\t\t\t\t<a  href=\"\/sk\/destinacie\" class=\"pathway\"><span itemprop=\"name\">Destin\u00e1cie<\/span><\/a> \t\t\t\t\t \t\t\t\t\t\t\t\t\t\t\t<span class=\"divider\"> \t\t\t\t\t\t\t<i class=\"fa fa-angle-double-right\" aria-hidden=\"true\"><\/i> \t\t\t\t\t\t<\/span> \t\t\t\t\t\t\t\t\t\t<meta  content=\"2\"> \t\t\t\t<\/li>\n<li itemprop='itemListElement' > \t\t\t\t\t\t\t\t\t\t\t<a  href=\"\/sk\/destinacie\/vieden\" class=\"pathway\"><span itemprop=\"name\">Viede\u0148<\/span><\/a> \t\t\t\t\t \t\t\t\t\t\t\t\t\t\t\t<span class=\"divider\"> \t\t\t\t\t\t\t<i class=\"fa fa-angle-double-right\" aria-hidden=\"true\"><\/i> \t\t\t\t\t\t<\/span> \t\t\t\t\t\t\t\t\t\t<meta  content=\"3\"> \t\t\t\t<\/li>\n<li   class=\"active\"> \t\t\t\t\t<span itemprop=\"name\"> \t\t\t\t\t\tTransfer z Viedne do Prahy\t\t\t\t\t<\/span> \t\t\t\t\t<meta  content=\"4\"> \t\t\t\t<\/li>\n<\/ul><\/div>\n<\/p><\/div>\n<\/p><\/div>\n<\/p><\/div>\n<\/p><\/div>\n<pre><\/pre>\n<\/div>\n<\/div>\n<div id=\"t4-main-body\" class=\"t4-section  t4-main-body\" role=\"main body\">\n<div class=\"t4-section-inner container\">\n<div class=\"t4-row row\">\n<div class=\"t4-col col-12 col-xl\">\n<div id=\"system-message-container\"> \t<\/div>\n<p>       <script type=\"text\/javascript\" ><\/script> <\/p>\n<div class=\"com-content-article item-page view-tour-detail\">\n<div class=\"tour-top-info clearfix\">\n<div class=\"pull-left\">\n<div class=\"category-article-dot\">\n<div class=\"category-name\"> \t\t\t\t\t<a href=\"\/sk\/destinacie\/vieden\" itemprop=\"genre\">Transfery Viede\u0148<\/a> \t\t\t\t<\/div>\n<\/p><\/div>\n<\/p><\/div>\n<div class=\"pull-right\">\n<div class=\"text-danger tour-price\"> \t\t\t\t\t\t<a href=\"\/sk\/rezervovat-transfer\">Rezervova\u0165<\/a><\/div>\n<\/p><\/div>\n<\/p><\/div>\n<p>  \t <!--\t-->  \t<\/p>\n<div class=\"vm-product-container\">\n<figure class=\"pull-left item-image\">\n<div class=\"main-image\"> \t\t<a title=\"Vienna to Prague Transfer Service\" rel='vm-additional-images' href=\"\/images\/virtuemart\/product\/Europe Destinations Transfers (1)59.jpg\"><img decoding=\"async\"  loading=\"lazy\"  src=\"\/wp-content\/uploads\/2025\/08\/Europe-Destinations-Transfers-159-2.jpg\"  alt=\"Vienna to Prague Transfer Service\"  \/><\/a>\t\t<\/p>\n<div class=\"clear\"><\/div>\n<\/p><\/div>\n<\/figure>\n<div class=\"vm-product-details-container\">\n<div class=\"spacer-buy-area\">    \t\t \t\t<\/div>\n<\/p><\/div>\n<div class=\"clear\"><\/div>\n<\/p><\/div>\n<div class=\"product-description\" >\n<p>V spolo\u010dnosti Vienna to Prague Transfer ch\u00e1peme, \u017ee \u010das je ve\u013emi d\u00f4le\u017eit\u00fd. Preto sa zameriavame na poskytovanie efekt\u00edvnych dopravn\u00fdch rie\u0161en\u00ed, aby sme v\u00e1s bez probl\u00e9mov dopravili z Viedne do Prahy alebo naopak. Rozl\u00fa\u010dte sa s nepr\u00edjemnos\u0165ami verejnej dopravy alebo stresom z navig\u00e1cie po nezn\u00e1mych cest\u00e1ch. S na\u0161imi prepravn\u00fdmi slu\u017ebami si m\u00f4\u017eete odd\u00fdchnu\u0165 a prenecha\u0165 riadenie na n\u00e1s.<\/p>\n<p style=\"text-align: center;\"><a class=\"btn btn-primary\" href=\"\/sk\/rezervovat-transfer\">Rezervova\u0165<\/a><\/p>\n<h2 style=\"text-align: center;\"><strong>Pre\u010do si vybra\u0165 n\u00e1\u0161 transfer z Viedne do Prahy?<\/strong><\/h2>\n<ul>\n<li style=\"font-weight: 400;\"><strong>Komfort:<\/strong>\u00a0Vychutnajte si pohodln\u00fa cestu v jednom z na\u0161ich dobre udr\u017eiavan\u00fdch a modern\u00fdch vozidiel.<\/li>\n<li style=\"font-weight: 400;\"><strong>Presnos\u0165:<\/strong>\u00a0Cen\u00edme si v\u00e1\u0161 \u010das a zabezpe\u010dujeme v\u010dasn\u00e9 vyzdvihnutie a odovzdanie.<\/li>\n<li style=\"font-weight: 400;\"><strong>Bezpe\u010dnos\u0165:<\/strong>\u00a0Va\u0161u bezpe\u010dnos\u0165 pova\u017eujeme za najvy\u0161\u0161iu prioritu a v\u0161etci na\u0161i vodi\u010di s\u00fa sk\u00fasen\u00ed profesion\u00e1li.<\/li>\n<li style=\"font-weight: 400;\"><strong>Cenov\u00e1 dostupnos\u0165:<\/strong>\u00a0Pon\u00fakame konkurencieschopn\u00e9 ceny za slu\u017eby s\u00fakromn\u00e9ho vodi\u010da a pren\u00e1jom vozidla.<\/li>\n<li style=\"font-weight: 400;\"><strong>Pohodlie:<\/strong>\u00a0Rezerv\u00e1cia u n\u00e1s je jednoduch\u00e1 a m\u00f4\u017eete ju vykona\u0165 online len nieko\u013ek\u00fdmi kliknutiami.<\/li>\n<\/ul>\n<h2 style=\"text-align: center;\">\u00a0<\/h2>\n<h2 style=\"text-align: center;\"><strong>Rezerv\u00e1cia transferu z Viedne do Prahy\u00a0<\/strong><\/h2>\n<p>Urobte si nezabudnute\u013en\u00fa cestu z Viedne do Prahy s na\u0161imi spo\u013eahliv\u00fdmi a profesion\u00e1lnymi prepravn\u00fdmi slu\u017ebami. \u010ci u\u017e ste turista, ktor\u00fd objavuje kr\u00e1sne mest\u00e1, alebo obchodn\u00fd cestuj\u00faci s nabit\u00fdm programom, Vienna to Prague Transfer je v\u00e1\u0161 spo\u013eahliv\u00fd partner pre v\u0161etky va\u0161e dopravn\u00e9 potreby.<\/p>\n<p>Kontaktujte n\u00e1s e\u0161te dnes a rezervujte si s\u00fakromn\u00e9ho vodi\u010da a pren\u00e1jom vozidla pre bezprobl\u00e9mov\u00fa cestu medzi Vied\u0148ou a Prahou. Za\u017eite rozdiel s na\u0161imi prepravn\u00fdmi slu\u017ebami &#8211; va\u0161a cesta, v\u00e1\u0161 sp\u00f4sob!<\/p>\n<p style=\"text-align: center;\"><a class=\"btn btn-primary\" href=\"\/sk\/rezervovat-transfer\">Rezervova\u0165<\/a><\/p>\n<h2 style=\"text-align: center;\"><b>Ako sa dosta\u0165 z Viedne do Prahy<\/b><\/h2>\n<p>Viede\u0148 a Praha s\u00fa dve n\u00e1dhern\u00e9 eur\u00f3pske mest\u00e1, z ktor\u00fdch ka\u017ed\u00e9 pon\u00faka jedine\u010dn\u00fd kult\u00farny z\u00e1\u017eitok. Ak pl\u00e1nujete cestu medzi t\u00fdmito dvoma ikonick\u00fdmi destin\u00e1ciami, m\u00f4\u017eete si vybra\u0165 z nieko\u013ek\u00fdch pohodln\u00fdch mo\u017enost\u00ed dopravy. Tu je sprievodca, ako sa dosta\u0165 z Viedne do Prahy:<\/p>\n<h3>Vlak<\/h3>\n<p>Jedn\u00fdm z najob\u013e\u00fabenej\u0161\u00edch a najmalebnej\u0161\u00edch sp\u00f4sobov cestovania medzi Vied\u0148ou a Prahou je vlak. Cesta vlakom v\u00e1s prevedie malebnou krajinou Rak\u00faska a \u010ceskej republiky. Vlaky prem\u00e1vaj\u00fa pravidelne a s\u00fa zn\u00e1me svoj\u00edm komfortom a efekt\u00edvnos\u0165ou. Cesta zvy\u010dajne trv\u00e1 pribli\u017ene 4 a\u017e 4,5 hodiny, \u010do z nej rob\u00ed skvel\u00fa vo\u013ebu pre cestuj\u00facich, ktor\u00ed h\u013eadaj\u00fa bezprobl\u00e9mov\u00fa a ekologick\u00fa mo\u017enos\u0165.<\/p>\n<h3>Autobus<\/h3>\n<p>Autobusy predstavuj\u00fa cenovo v\u00fdhodn\u00fd sp\u00f4sob cestovania z Viedne do Prahy. T\u00fato trasu prev\u00e1dzkuje nieko\u013eko autobusov\u00fdch spolo\u010dnost\u00ed, ktor\u00e9 pon\u00fakaj\u00fa r\u00f4zne cestovn\u00e9 poriadky a ceny pod\u013ea va\u0161ich potrieb. Cesta autobusom trv\u00e1 pribli\u017ene 4 a\u017e 5 hod\u00edn a mnoh\u00e9 autobusy s\u00fa vybaven\u00e9 modern\u00fdm vybaven\u00edm vr\u00e1tane Wi-Fi a pohodln\u00fdch sedadiel.<\/p>\n<p>\u00a0<\/p>\n<h3>Lety<\/h3>\n<p>Ak v\u00e1m ide o \u010das a uprednost\u0148ujete r\u00fdchlej\u0161iu mo\u017enos\u0165, zv\u00e1\u017ete priamy let z medzin\u00e1rodn\u00e9ho letiska Viede\u0148 (VIE) na Letisko V\u00e1clava Havla Praha (PRG). Let trv\u00e1 pribli\u017ene 1 hodinu bez \u010dasu potrebn\u00e9ho na odbavenie a absolvovanie bezpe\u010dnostnej kontroly. T\u00e1to mo\u017enos\u0165 je ide\u00e1lna pre t\u00fdch, ktor\u00ed maj\u00fa nabit\u00fd rozvrh alebo prestupuj\u00fa na medzin\u00e1rodn\u00e9 lety.<\/p>\n<h3>Pren\u00e1jom auta<\/h3>\n<p>Pre cestovate\u013eov, ktor\u00ed uprednost\u0148uj\u00fa slobodu objavovania vlastn\u00fdm tempom, je pohodlnou vo\u013ebou pren\u00e1jom auta. Cesta autom trv\u00e1 pribli\u017ene 3,5 a\u017e 4,5 hodiny v z\u00e1vislosti od trasy a dopravn\u00fdch podmienok. Budete ma\u0165 mo\u017enos\u0165 flexibilne sa zastavova\u0165 po ceste a vychutn\u00e1va\u0165 si malebn\u00fa pr\u00edrodu.<\/p>\n<h3>S\u00fakromn\u00fd transfer<\/h3>\n<p>Ak chcete cestova\u0165 bez stresu a pohodlne, m\u00f4\u017eete sa rozhodn\u00fa\u0165 aj pre s\u00fakromn\u00fd transfer. T\u00e1 zah\u0155\u0148a pren\u00e1jom profesion\u00e1lneho vodi\u010da, ktor\u00fd v\u00e1s vyzdvihne vo Viedni a vysad\u00ed na po\u017eadovanom mieste v Prahe. T\u00e1to mo\u017enos\u0165 je ide\u00e1lna pre t\u00fdch, ktor\u00ed si cenia osobn\u00e9 slu\u017eby a chc\u00fa sa vyhn\u00fa\u0165 zlo\u017eit\u00fdm probl\u00e9mom verejnej dopravy.<\/p>\n<p style=\"text-align: center;\"><a class=\"btn btn-primary\" href=\"\/sk\/rezervovat-transfer\">Rezervova\u0165<\/a><\/p>\n<p style=\"text-align: left;\">Nech u\u017e si vyberiete ak\u00fdko\u013evek sp\u00f4sob dopravy, cesta z Viedne do Prahy bude nezabudnute\u013en\u00e1. Nezabudnite si napl\u00e1nova\u0165 cestu pod\u013ea svojich preferenci\u00ed, rozpo\u010dtu a \u010dasov\u00e9ho harmonogramu a pripravte sa na spozn\u00e1vanie kr\u00e1s a kult\u00fary t\u00fdchto dvoch pozoruhodn\u00fdch eur\u00f3pskych miest. Bezpe\u010dn\u00e9 cestovanie!<\/p>\n<\/p><\/div>\n<div class=\"product-price-container\">\n<div class=\"sale-price\"> \t\t<\/div>\n<\/p><\/div>\n<div class=\"options\"><\/div>\n<div> \t\t<\/div>\n<p>   \t  <script type=\"text\/javascript\" ><\/script>  <script type=\"text\/javascript\" ><\/script>  <script type=\"text\/javascript\" ><\/script> <script type=\"text\/javascript\" ><\/script> <script type=\"text\/javascript\" ><\/script> <script type=\"text\/javascript\" ><\/script> <\/div>\n<p> \t\t<!-- \u041f\u043b\u0430\u0433\u0438\u043d \u0440\u0435\u0439\u0442\u0438\u043d\u0433\u0430 --> <\/p>\n<div class=\"vrvote-body\">\n<ul class=\"vrvote-ul\">\n<li id=\"rating_16\" class=\"current-rating\" style=\"width:98.67%;\"><\/li>\n<li> \t\t\t\t\t\t<a class=\"vr-one-star\" onclick=\"javascript:JSVRvote(16,1,148,30,0)\" href=\"javascript:void(null)\">1<\/a> \t\t\t\t\t<\/li>\n<li> \t\t\t\t\t\t<a class=\"vr-two-stars\" onclick=\"javascript:JSVRvote(16,2,148,30,0)\" href=\"javascript:void(null)\">2<\/a> \t\t\t\t\t<\/li>\n<li> \t\t\t\t\t\t<a class=\"vr-three-stars\" onclick=\"javascript:JSVRvote(16,3,148,30,0)\" href=\"javascript:void(null)\">3<\/a> \t\t\t\t\t<\/li>\n<li> \t\t\t\t\t\t<a class=\"vr-four-stars\" onclick=\"javascript:JSVRvote(16,4,148,30,0)\" href=\"javascript:void(null)\">4<\/a> \t\t\t\t\t<\/li>\n<li> \t\t\t\t\t\t<a class=\"vr-five-stars\" onclick=\"javascript:JSVRvote(16,5,148,30,0)\" href=\"javascript:void(null)\">5<\/a> \t\t\t\t\t<\/li>\n<\/ul><\/div>\n<p> \t\t\t<span id=\"vrvote_16\" class=\"vrvote-count\"><small><\/small><\/span>\t<\/span><script type=\"application\/ld+json\"><\/script>   <\/div>\n<div class=\"t4-col sidebar-r col-12 col-xl-4\">\n<div class=\"t4-module module\" id=\"Mod306\">\n<div class=\"module-inner\">\n<div class=\"module-ct\">\n<div class=\"bannergroup\">\n<div class=\"banneritem\"> \t\t\t\t\t\t\t\t\t\t\t\t\t\t\t\t\t\t\t\t\t\t\t\t\t\t\t\t\t\t\t\t\t\t\t\t\t\t\t\t\t\t\t\t\t\t\t\t\t\t<img \t\t\t\t\t\tsrc=\"\/wp-content\/uploads\/2025\/08\/banner-transfer-europe-sk-60.png\" \t\t\t\t\t\talt=\"Banner-sk\" \t\t\t\t\t\t\t\t\t\t\t\t\t\t\t\t\t\/> \t\t\t\t\t\t\t\t\t\t\t<\/p>\n<div class=\"clr\"><\/div>\n<\/p><\/div>\n<\/p><\/div>\n<\/p><\/div>\n<\/div>\n<\/div><\/div>\n<\/p><\/div>\n<\/div><\/div>\n<div id=\"t4-section-8\" class=\"t4-section  t4-section-8  section-border-top\" role=\"section-8\">\n<div class=\"bg-overlay bg-overlay-image\">&nbsp;<\/div>\n<\/p><\/div>\n<p>  <a href='javascript:' id='back-to-top'><i class='fa fa-chevron-up'><\/i><\/a>                <\/p>\n","protected":false},"excerpt":{"rendered":"<p>Transfer z Viedne do Prahy Hlavn\u00e1 str\u00e1nka Destin\u00e1cie Viede\u0148 Transfer z Viedne do Prahy Transfery Viede\u0148 Rezervova\u0165 V spolo\u010dnosti Vienna to Prague Transfer ch\u00e1peme, \u017ee \u010das je ve\u013emi d\u00f4le\u017eit\u00fd. Preto sa zameriavame na poskytovanie efekt\u00edvnych dopravn\u00fdch rie\u0161en\u00ed, aby sme v\u00e1s bez probl\u00e9mov dopravili z Viedne do Prahy alebo naopak. Rozl\u00fa\u010dte sa s nepr\u00edjemnos\u0165ami verejnej dopravy [&hellip;]<\/p>\n","protected":false},"author":1,"featured_media":30665,"parent":18891,"menu_order":0,"comment_status":"closed","ping_status":"closed","template":"","meta":{"footnotes":""},"class_list":["post-30664","page","type-page","status-publish","has-post-thumbnail","hentry"],"yoast_head":"<!-- This site is optimized with the Yoast SEO plugin v25.6 - https:\/\/yoast.com\/wordpress\/plugins\/seo\/ -->\n<title>Transfer z Viedne do Prahy s\u00fakromn\u00fdm vodi\u010dom - Transfer Europe<\/title>\n<meta name=\"description\" content=\"Transferov\u00e1 objedn\u00e1vka \u201eViede\u0148-Praha\u201c s osobn\u00fdm vodi\u010dom. Transfer do Viedne z Prahy, Transfer Europe \u2714 Ve\u013ek\u00fd vozov\u00fd park \u2714 Profesion\u00e1lni vodi\u010di \u260e + 421 951 460 615\" \/>\n<meta name=\"robots\" content=\"index, follow, max-snippet:-1, max-image-preview:large, max-video-preview:-1\" \/>\n<link rel=\"canonical\" href=\"https:\/\/transfereurope.com\/sk\/destinacie\/vieden\/transfer-vieden-praha\/\" \/>\n<meta property=\"og:locale\" content=\"sk_SK\" \/>\n<meta property=\"og:type\" content=\"article\" \/>\n<meta property=\"og:title\" content=\"Transfer z Viedne do Prahy s\u00fakromn\u00fdm vodi\u010dom - Transfer Europe\" \/>\n<meta property=\"og:description\" content=\"Transferov\u00e1 objedn\u00e1vka \u201eViede\u0148-Praha\u201c s osobn\u00fdm vodi\u010dom. Transfer do Viedne z Prahy, Transfer Europe \u2714 Ve\u013ek\u00fd vozov\u00fd park \u2714 Profesion\u00e1lni vodi\u010di \u260e + 421 951 460 615\" \/>\n<meta property=\"og:url\" content=\"https:\/\/transfereurope.com\/sk\/destinacie\/vieden\/transfer-vieden-praha\/\" \/>\n<meta property=\"og:site_name\" content=\"transfereurope\" \/>\n<meta property=\"og:image\" content=\"https:\/\/transfereurope.com\/wp-content\/uploads\/2025\/08\/Europe-Destinations-Transfers-159-2-1.jpg\" \/>\n\t<meta property=\"og:image:width\" content=\"1500\" \/>\n\t<meta property=\"og:image:height\" content=\"2000\" \/>\n\t<meta property=\"og:image:type\" content=\"image\/jpeg\" \/>\n<meta name=\"twitter:card\" content=\"summary_large_image\" \/>\n<meta name=\"twitter:label1\" content=\"Predpokladan\u00fd \u010das \u010d\u00edtania\" \/>\n\t<meta name=\"twitter:data1\" content=\"4 min\u00faty\" \/>\n<script type=\"application\/ld+json\" class=\"yoast-schema-graph\">{\"@context\":\"https:\/\/schema.org\",\"@graph\":[{\"@type\":\"WebPage\",\"@id\":\"https:\/\/transfereurope.com\/sk\/destinacie\/vieden\/transfer-vieden-praha\/\",\"url\":\"https:\/\/transfereurope.com\/sk\/destinacie\/vieden\/transfer-vieden-praha\/\",\"name\":\"Transfer z Viedne do Prahy s\u00fakromn\u00fdm vodi\u010dom - Transfer Europe\",\"isPartOf\":{\"@id\":\"https:\/\/transfereurope.com\/sk\/#website\"},\"primaryImageOfPage\":{\"@id\":\"https:\/\/transfereurope.com\/sk\/destinacie\/vieden\/transfer-vieden-praha\/#primaryimage\"},\"image\":{\"@id\":\"https:\/\/transfereurope.com\/sk\/destinacie\/vieden\/transfer-vieden-praha\/#primaryimage\"},\"thumbnailUrl\":\"https:\/\/transfereurope.com\/wp-content\/uploads\/2025\/08\/Europe-Destinations-Transfers-159-2-1.jpg\",\"datePublished\":\"2025-08-04T22:33:16+00:00\",\"description\":\"Transferov\u00e1 objedn\u00e1vka \u201eViede\u0148-Praha\u201c s osobn\u00fdm vodi\u010dom. Transfer do Viedne z Prahy, Transfer Europe \u2714 Ve\u013ek\u00fd vozov\u00fd park \u2714 Profesion\u00e1lni vodi\u010di \u260e + 421 951 460 615\",\"breadcrumb\":{\"@id\":\"https:\/\/transfereurope.com\/sk\/destinacie\/vieden\/transfer-vieden-praha\/#breadcrumb\"},\"inLanguage\":\"sk-SK\",\"potentialAction\":[{\"@type\":\"ReadAction\",\"target\":[\"https:\/\/transfereurope.com\/sk\/destinacie\/vieden\/transfer-vieden-praha\/\"]}]},{\"@type\":\"ImageObject\",\"inLanguage\":\"sk-SK\",\"@id\":\"https:\/\/transfereurope.com\/sk\/destinacie\/vieden\/transfer-vieden-praha\/#primaryimage\",\"url\":\"https:\/\/transfereurope.com\/wp-content\/uploads\/2025\/08\/Europe-Destinations-Transfers-159-2-1.jpg\",\"contentUrl\":\"https:\/\/transfereurope.com\/wp-content\/uploads\/2025\/08\/Europe-Destinations-Transfers-159-2-1.jpg\",\"width\":1500,\"height\":2000},{\"@type\":\"BreadcrumbList\",\"@id\":\"https:\/\/transfereurope.com\/sk\/destinacie\/vieden\/transfer-vieden-praha\/#breadcrumb\",\"itemListElement\":[{\"@type\":\"ListItem\",\"position\":1,\"name\":\"Home\",\"item\":\"https:\/\/transfereurope.com\/sk\/\"},{\"@type\":\"ListItem\",\"position\":2,\"name\":\"Transfer z Viedne do Prahy\"}]},{\"@type\":\"WebSite\",\"@id\":\"https:\/\/transfereurope.com\/sk\/#website\",\"url\":\"https:\/\/transfereurope.com\/sk\/\",\"name\":\"transfereurope\",\"description\":\"\",\"publisher\":{\"@id\":\"https:\/\/transfereurope.com\/sk\/#organization\"},\"potentialAction\":[{\"@type\":\"SearchAction\",\"target\":{\"@type\":\"EntryPoint\",\"urlTemplate\":\"https:\/\/transfereurope.com\/sk\/?s={search_term_string}\"},\"query-input\":{\"@type\":\"PropertyValueSpecification\",\"valueRequired\":true,\"valueName\":\"search_term_string\"}}],\"inLanguage\":\"sk-SK\"},{\"@type\":\"Organization\",\"@id\":\"https:\/\/transfereurope.com\/sk\/#organization\",\"name\":\"transfereurope\",\"url\":\"https:\/\/transfereurope.com\/sk\/\",\"logo\":{\"@type\":\"ImageObject\",\"inLanguage\":\"sk-SK\",\"@id\":\"https:\/\/transfereurope.com\/sk\/#\/schema\/logo\/image\/\",\"url\":\"https:\/\/transfereurope.com\/wp-content\/uploads\/2025\/08\/TRANSFERS-1655.png\",\"contentUrl\":\"https:\/\/transfereurope.com\/wp-content\/uploads\/2025\/08\/TRANSFERS-1655.png\",\"width\":500,\"height\":274,\"caption\":\"transfereurope\"},\"image\":{\"@id\":\"https:\/\/transfereurope.com\/sk\/#\/schema\/logo\/image\/\"}}]}<\/script>\n<!-- \/ Yoast SEO plugin. -->","yoast_head_json":{"title":"Transfer z Viedne do Prahy s\u00fakromn\u00fdm vodi\u010dom - Transfer Europe","description":"Transferov\u00e1 objedn\u00e1vka \u201eViede\u0148-Praha\u201c s osobn\u00fdm vodi\u010dom. Transfer do Viedne z Prahy, Transfer Europe \u2714 Ve\u013ek\u00fd vozov\u00fd park \u2714 Profesion\u00e1lni vodi\u010di \u260e + 421 951 460 615","robots":{"index":"index","follow":"follow","max-snippet":"max-snippet:-1","max-image-preview":"max-image-preview:large","max-video-preview":"max-video-preview:-1"},"canonical":"https:\/\/transfereurope.com\/sk\/destinacie\/vieden\/transfer-vieden-praha\/","og_locale":"sk_SK","og_type":"article","og_title":"Transfer z Viedne do Prahy s\u00fakromn\u00fdm vodi\u010dom - Transfer Europe","og_description":"Transferov\u00e1 objedn\u00e1vka \u201eViede\u0148-Praha\u201c s osobn\u00fdm vodi\u010dom. Transfer do Viedne z Prahy, Transfer Europe \u2714 Ve\u013ek\u00fd vozov\u00fd park \u2714 Profesion\u00e1lni vodi\u010di \u260e + 421 951 460 615","og_url":"https:\/\/transfereurope.com\/sk\/destinacie\/vieden\/transfer-vieden-praha\/","og_site_name":"transfereurope","og_image":[{"width":1500,"height":2000,"url":"https:\/\/transfereurope.com\/wp-content\/uploads\/2025\/08\/Europe-Destinations-Transfers-159-2-1.jpg","type":"image\/jpeg"}],"twitter_card":"summary_large_image","twitter_misc":{"Predpokladan\u00fd \u010das \u010d\u00edtania":"4 min\u00faty"},"schema":{"@context":"https:\/\/schema.org","@graph":[{"@type":"WebPage","@id":"https:\/\/transfereurope.com\/sk\/destinacie\/vieden\/transfer-vieden-praha\/","url":"https:\/\/transfereurope.com\/sk\/destinacie\/vieden\/transfer-vieden-praha\/","name":"Transfer z Viedne do Prahy s\u00fakromn\u00fdm vodi\u010dom - Transfer Europe","isPartOf":{"@id":"https:\/\/transfereurope.com\/sk\/#website"},"primaryImageOfPage":{"@id":"https:\/\/transfereurope.com\/sk\/destinacie\/vieden\/transfer-vieden-praha\/#primaryimage"},"image":{"@id":"https:\/\/transfereurope.com\/sk\/destinacie\/vieden\/transfer-vieden-praha\/#primaryimage"},"thumbnailUrl":"https:\/\/transfereurope.com\/wp-content\/uploads\/2025\/08\/Europe-Destinations-Transfers-159-2-1.jpg","datePublished":"2025-08-04T22:33:16+00:00","description":"Transferov\u00e1 objedn\u00e1vka \u201eViede\u0148-Praha\u201c s osobn\u00fdm vodi\u010dom. Transfer do Viedne z Prahy, Transfer Europe \u2714 Ve\u013ek\u00fd vozov\u00fd park \u2714 Profesion\u00e1lni vodi\u010di \u260e + 421 951 460 615","breadcrumb":{"@id":"https:\/\/transfereurope.com\/sk\/destinacie\/vieden\/transfer-vieden-praha\/#breadcrumb"},"inLanguage":"sk-SK","potentialAction":[{"@type":"ReadAction","target":["https:\/\/transfereurope.com\/sk\/destinacie\/vieden\/transfer-vieden-praha\/"]}]},{"@type":"ImageObject","inLanguage":"sk-SK","@id":"https:\/\/transfereurope.com\/sk\/destinacie\/vieden\/transfer-vieden-praha\/#primaryimage","url":"https:\/\/transfereurope.com\/wp-content\/uploads\/2025\/08\/Europe-Destinations-Transfers-159-2-1.jpg","contentUrl":"https:\/\/transfereurope.com\/wp-content\/uploads\/2025\/08\/Europe-Destinations-Transfers-159-2-1.jpg","width":1500,"height":2000},{"@type":"BreadcrumbList","@id":"https:\/\/transfereurope.com\/sk\/destinacie\/vieden\/transfer-vieden-praha\/#breadcrumb","itemListElement":[{"@type":"ListItem","position":1,"name":"Home","item":"https:\/\/transfereurope.com\/sk\/"},{"@type":"ListItem","position":2,"name":"Transfer z Viedne do Prahy"}]},{"@type":"WebSite","@id":"https:\/\/transfereurope.com\/sk\/#website","url":"https:\/\/transfereurope.com\/sk\/","name":"transfereurope","description":"","publisher":{"@id":"https:\/\/transfereurope.com\/sk\/#organization"},"potentialAction":[{"@type":"SearchAction","target":{"@type":"EntryPoint","urlTemplate":"https:\/\/transfereurope.com\/sk\/?s={search_term_string}"},"query-input":{"@type":"PropertyValueSpecification","valueRequired":true,"valueName":"search_term_string"}}],"inLanguage":"sk-SK"},{"@type":"Organization","@id":"https:\/\/transfereurope.com\/sk\/#organization","name":"transfereurope","url":"https:\/\/transfereurope.com\/sk\/","logo":{"@type":"ImageObject","inLanguage":"sk-SK","@id":"https:\/\/transfereurope.com\/sk\/#\/schema\/logo\/image\/","url":"https:\/\/transfereurope.com\/wp-content\/uploads\/2025\/08\/TRANSFERS-1655.png","contentUrl":"https:\/\/transfereurope.com\/wp-content\/uploads\/2025\/08\/TRANSFERS-1655.png","width":500,"height":274,"caption":"transfereurope"},"image":{"@id":"https:\/\/transfereurope.com\/sk\/#\/schema\/logo\/image\/"}}]}},"_links":{"self":[{"href":"https:\/\/transfereurope.com\/sk\/wp-json\/wp\/v2\/pages\/30664","targetHints":{"allow":["GET"]}}],"collection":[{"href":"https:\/\/transfereurope.com\/sk\/wp-json\/wp\/v2\/pages"}],"about":[{"href":"https:\/\/transfereurope.com\/sk\/wp-json\/wp\/v2\/types\/page"}],"author":[{"embeddable":true,"href":"https:\/\/transfereurope.com\/sk\/wp-json\/wp\/v2\/users\/1"}],"replies":[{"embeddable":true,"href":"https:\/\/transfereurope.com\/sk\/wp-json\/wp\/v2\/comments?post=30664"}],"version-history":[{"count":0,"href":"https:\/\/transfereurope.com\/sk\/wp-json\/wp\/v2\/pages\/30664\/revisions"}],"up":[{"embeddable":true,"href":"https:\/\/transfereurope.com\/sk\/wp-json\/wp\/v2\/pages\/18891"}],"wp:featuredmedia":[{"embeddable":true,"href":"https:\/\/transfereurope.com\/sk\/wp-json\/wp\/v2\/media\/30665"}],"wp:attachment":[{"href":"https:\/\/transfereurope.com\/sk\/wp-json\/wp\/v2\/media?parent=30664"}],"curies":[{"name":"wp","href":"https:\/\/api.w.org\/{rel}","templated":true}]}}